{"id":25,"date":"2017-11-21T08:33:02","date_gmt":"2017-11-21T07:33:02","guid":{"rendered":"http:\/\/jesingen-ski.de\/page\/?page_id=25"},"modified":"2018-05-15T21:12:18","modified_gmt":"2018-05-15T19:12:18","slug":"rennlauf","status":"publish","type":"page","link":"https:\/\/jesingen-ski.de\/page\/rennlauf\/","title":{"rendered":"Rennlauf"},"content":{"rendered":"<p>Unser Rennteam mit ca. 20 aktiven, motivierten Rennl\u00e4uferinnen und Rennl\u00e4ufer stellt im Kinder- und Jugendbereich mittlerweile eine der gr\u00f6\u00dften Rennmannschaften des Bezirkes Mittlere Alb. Unter der Leitung des &#8222;Cheftrainers&#8220; Starsch und seines Trainerteams werden, sobald es die Schneelage erlaubt, die Ski angeschnallt und das Stangentraining auf der Alb durchgef\u00fchrt. Desweiteren wird auch bei der Ausfahrt an den Pizol eifrig trainiert und die Rennkids auf die anstehenden Rennen vorbereitet.<br \/>\nDie n\u00f6tige Kondition f\u00fcr die vielen anstrengenden Rennwochenenden holt sich unser Rennnachwuchs jeden Freitag beim Konditionstraining in der Sporthalle Lehen\u00e4cker.<br \/>\nZahlreiche Erfolge auf Bezirksebene und dar\u00fcber hinaus zeigen, dass wir mit unserem Renlaufkonzept auf dem richtigen Weg sind.<br \/>\nDies verdanken wir unseren unerm\u00fcdlich und ehrenamtlich arbeitenden Trainern und den zahlreichen Helfern, die im Hintergrund t\u00e4tig sind.<\/p>\n","protected":false},"excerpt":{"rendered":"<p>Unser Rennteam mit ca. 20 aktiven, motivierten Rennl\u00e4uferinnen und Rennl\u00e4ufer stellt im Kinder- und Jugendbereich mittlerweile eine der gr\u00f6\u00dften Rennmannschaften des Bezirkes Mittlere Alb. Unter der Leitung des &#8222;Cheftrainers&#8220; Starsch und seines Trainerteams werden, sobald es die Schneelage erlaubt, die Ski angeschnallt und das Stangentraining auf der Alb durchgef\u00fchrt. Desweiteren wird auch bei der Ausfahrt [&hellip;]<\/p>\n","protected":false},"author":1,"featured_media":313,"parent":0,"menu_order":5,"comment_status":"closed","ping_status":"closed","template":"","meta":{"footnotes":""},"class_list":["post-25","page","type-page","status-publish","has-post-thumbnail","hentry"],"_links":{"self":[{"href":"https:\/\/jesingen-ski.de\/page\/wp-json\/wp\/v2\/pages\/25","targetHints":{"allow":["GET"]}}],"collection":[{"href":"https:\/\/jesingen-ski.de\/page\/wp-json\/wp\/v2\/pages"}],"about":[{"href":"https:\/\/jesingen-ski.de\/page\/wp-json\/wp\/v2\/types\/page"}],"author":[{"embeddable":true,"href":"https:\/\/jesingen-ski.de\/page\/wp-json\/wp\/v2\/users\/1"}],"replies":[{"embeddable":true,"href":"https:\/\/jesingen-ski.de\/page\/wp-json\/wp\/v2\/comments?post=25"}],"version-history":[{"count":3,"href":"https:\/\/jesingen-ski.de\/page\/wp-json\/wp\/v2\/pages\/25\/revisions"}],"predecessor-version":[{"id":2398,"href":"https:\/\/jesingen-ski.de\/page\/wp-json\/wp\/v2\/pages\/25\/revisions\/2398"}],"wp:featuredmedia":[{"embeddable":true,"href":"https:\/\/jesingen-ski.de\/page\/wp-json\/wp\/v2\/media\/313"}],"wp:attachment":[{"href":"https:\/\/jesingen-ski.de\/page\/wp-json\/wp\/v2\/media?parent=25"}],"curies":[{"name":"wp","href":"https:\/\/api.w.org\/{rel}","templated":true}]}}