{"id":46,"date":"2017-12-02T09:53:31","date_gmt":"2017-12-02T08:53:31","guid":{"rendered":"http:\/\/jesingen-ski.de\/page\/?page_id=46"},"modified":"2024-10-18T16:52:52","modified_gmt":"2024-10-18T14:52:52","slug":"familienfreizeit-pizol","status":"publish","type":"page","link":"https:\/\/jesingen-ski.de\/page\/ausfahrten\/familienfreizeit-pizol\/","title":{"rendered":"Familienfreizeit Pizol"},"content":{"rendered":"<h3>Einfach gut!! .. und das seit fast 50 Jahren<\/h3>\n<h4><strong><br \/>\nTermin: 02. &#8211; 06. Januar 2025<\/strong><\/h4>\n<p>Seit fast 50 Jahren verbringen wir die ersten Tage im Jahr am Pizol.<br \/>\nSowohl das anspruchsvolle und abwechslungsreiche Skigebiet, als auch die diversen gem\u00fctlichen Einkehrm\u00f6glichkeiten bieten f\u00fcr jeden Geschmack das Richtige.<br \/>\nUnser Quartier werden wir wie immer in der Furt beziehen, wo wir das leckere Essen genie\u00dfen und gesellige Stunden miteinander verbringen.<br \/>\nF\u00fcr die j\u00fcngeren Teilnehmer sind unsere qualifizierten \u00dcbungsleiter und Betreuer fast rund um die Uhr im Einsatz.<br \/>\nNeben viel Spa\u00df und Gaudi kommt nat\u00fcrlich auch das Skifahren nicht zu kurz.<\/p>\n<p>Folgende Leistungen sind beinhaltet:<br \/>\nDie An- und Abreise im modernen Reisebus, 5-Tages-Skipass und 4 \u00dcbernachtungen im Berghotel Furt mit Vollpension.<\/p>\n<p>Leider schon ausgebucht!!<\/p>\n<p>Weitere Informationen bei Holger Hau\u00dfmann, Tel. +49 7021\/860893.<\/p>\n<p><img loading=\"lazy\" decoding=\"async\" class=\"alignnone wp-image-374 size-full\" src=\"https:\/\/jesingen-ski.de\/page\/wp-content\/uploads\/2017\/12\/Pizol-1.jpg\" alt=\"\" width=\"848\" height=\"477\" srcset=\"https:\/\/jesingen-ski.de\/page\/wp-content\/uploads\/2017\/12\/Pizol-1.jpg 848w, https:\/\/jesingen-ski.de\/page\/wp-content\/uploads\/2017\/12\/Pizol-1-300x169.jpg 300w, https:\/\/jesingen-ski.de\/page\/wp-content\/uploads\/2017\/12\/Pizol-1-768x432.jpg 768w\" sizes=\"auto, (max-width: 848px) 100vw, 848px\" \/><\/p>\n<p><a href=\"https:\/\/jesingen-ski.de\/page\/galerie\/pizol-2018\/\">Hier geht es zur Bildergalerie vom Pizol 2018<\/a><\/p>\n","protected":false},"excerpt":{"rendered":"<p>Einfach gut!! .. und das seit fast 50 Jahren Termin: 02. &#8211; 06. Januar 2025 Seit fast 50 Jahren verbringen wir die ersten Tage im Jahr am Pizol. Sowohl das anspruchsvolle und abwechslungsreiche Skigebiet, als auch die diversen gem\u00fctlichen Einkehrm\u00f6glichkeiten bieten f\u00fcr jeden Geschmack das Richtige. Unser Quartier werden wir wie immer in der Furt [&hellip;]<\/p>\n","protected":false},"author":1,"featured_media":334,"parent":289,"menu_order":1,"comment_status":"closed","ping_status":"closed","template":"","meta":{"footnotes":""},"class_list":["post-46","page","type-page","status-publish","has-post-thumbnail","hentry"],"_links":{"self":[{"href":"https:\/\/jesingen-ski.de\/page\/wp-json\/wp\/v2\/pages\/46","targetHints":{"allow":["GET"]}}],"collection":[{"href":"https:\/\/jesingen-ski.de\/page\/wp-json\/wp\/v2\/pages"}],"about":[{"href":"https:\/\/jesingen-ski.de\/page\/wp-json\/wp\/v2\/types\/page"}],"author":[{"embeddable":true,"href":"https:\/\/jesingen-ski.de\/page\/wp-json\/wp\/v2\/users\/1"}],"replies":[{"embeddable":true,"href":"https:\/\/jesingen-ski.de\/page\/wp-json\/wp\/v2\/comments?post=46"}],"version-history":[{"count":10,"href":"https:\/\/jesingen-ski.de\/page\/wp-json\/wp\/v2\/pages\/46\/revisions"}],"predecessor-version":[{"id":2020,"href":"https:\/\/jesingen-ski.de\/page\/wp-json\/wp\/v2\/pages\/46\/revisions\/2020"}],"up":[{"embeddable":true,"href":"https:\/\/jesingen-ski.de\/page\/wp-json\/wp\/v2\/pages\/289"}],"wp:featuredmedia":[{"embeddable":true,"href":"https:\/\/jesingen-ski.de\/page\/wp-json\/wp\/v2\/media\/334"}],"wp:attachment":[{"href":"https:\/\/jesingen-ski.de\/page\/wp-json\/wp\/v2\/media?parent=46"}],"curies":[{"name":"wp","href":"https:\/\/api.w.org\/{rel}","templated":true}]}}